{"id":120,"date":"2025-04-11T15:48:10","date_gmt":"2025-04-11T15:48:10","guid":{"rendered":"https:\/\/bolyai.ro\/olimpiasz-magyar\/?page_id=120"},"modified":"2025-04-23T15:06:23","modified_gmt":"2025-04-23T15:06:23","slug":"visszaemlekezesek","status":"publish","type":"page","link":"https:\/\/bolyai.ro\/olimpiasz\/magyar\/visszaemlekezesek\/","title":{"rendered":"Visszaeml\u00e9kez\u00e9sek"},"content":{"rendered":"\n<p class=\"has-text-align-center has-medium-font-size\"><em><em>\u201d<\/em>A magyar nyelv: l\u00e9tem, j\u00f6v\u0151m \u00e9s rem\u00e9nyem.\u201d<\/em> Juh\u00e1sz\u00a0Ferenc<\/p>\n\n\n\n<h2 class=\"wp-block-heading\">Visszaeml\u00e9kez\u00e9sek<\/h2>\n\n\n<style>.kadence-column120_f003ba-4f > .kt-inside-inner-col{padding-right:var(--global-kb-spacing-xxl, 5rem);}.kadence-column120_f003ba-4f > .kt-inside-inner-col,.kadence-column120_f003ba-4f > .kt-inside-inner-col:before{border-top-left-radius:0px;border-top-right-radius:0px;border-bottom-right-radius:0px;border-bottom-left-radius:0px;}.kadence-column120_f003ba-4f > .kt-inside-inner-col{column-gap:var(--global-kb-gap-sm, 1rem);}.kadence-column120_f003ba-4f > .kt-inside-inner-col{flex-direction:column;}.kadence-column120_f003ba-4f > .kt-inside-inner-col > .aligncenter{width:100%;}.kadence-column120_f003ba-4f > .kt-inside-inner-col:before{opacity:0.3;}.kadence-column120_f003ba-4f{position:relative;}@media all and (max-width: 1024px){.kadence-column120_f003ba-4f > .kt-inside-inner-col{flex-direction:column;}}@media all and (max-width: 767px){.kadence-column120_f003ba-4f > .kt-inside-inner-col{padding-right:0px;flex-direction:column;}}.kadence-column120_f003ba-4f {  text-indent: 36px;  text-align: justify;}.kadence-column120_f003ba-4f img {  border-radius: 12px;  box-shadow: rgba(0, 0, 0, 0.1) 0px 4px 12px;}<\/style>\n<div class=\"wp-block-kadence-column kadence-column120_f003ba-4f\"><div class=\"kt-inside-inner-col\">\n<h2 class=\"wp-block-heading has-text-align-center\">&#8220;Mint ha p\u00e1sztort\u0171z \u00e9g \u0151szi \u00e9jszak\u00e1kon&#8230;&#8221;<\/h2>\n\n\n\n<div class=\"wp-block-media-text has-media-on-the-right is-stacked-on-mobile\" style=\"padding-right:0;padding-left:0;grid-template-columns:auto 20%\"><div class=\"wp-block-media-text__content\">\n<p>Az irodalmi olimpi\u00e1kr\u00f3l kev\u00e9s eml\u00e9kem van, hiszen igen r\u00e9gen volt mindez, \u00e9s mi igen fiatalok voltunk akkoriban. De azt tudom, hogy ezek a versenyek nagyon fontosak voltak az \u00e9letemben, s\u0151t ak\u00e1r azt is kimondhatom, hogy d\u00f6nt\u0151en befoly\u00e1solt\u00e1k a sorsom alakul\u00e1s\u00e1t. M\u00e9gpedig az\u00e9rt, mert a k\u00f6z\u00e9piskol\u00e1ban (1. sz. L\u00edceum, k\u00e9s\u0151bb Matematika-Fizika L\u00edceum Cs\u00edkszered\u00e1ban, ma: M\u00e1rton \u00c1ron F\u0151gimn\u00e1zium) \u00e9n egy \u00fan. &#8220;szupermatematika&#8221; oszt\u00e1lyba j\u00e1rtam, ahol meglehet\u0151sen furcsa, szellemi szempontb\u00f3l n\u00e9mik\u00e9pp mag\u00e1nyos, a t\u00f6bbiekt\u0151l elt\u00e9r\u0151 \u00e9rdekl\u0151d\u00e9s\u0171 di\u00e1k lehettem. Amikor 1976-ban tizedik oszt\u00e1lyos koromban az orsz\u00e1gos irodalmi versenyen Marosv\u00e1s\u00e1rhelyen kr\u00e9t\u00e1val fel\u00edrt\u00e1k a t\u00e1bl\u00e1ra a dolgozatt\u00e9telt, ami a &#8220;Mint ha p\u00e1sztort\u0171z \u00e9g \u0151szi \u00e9jszak\u00e1kon&#8230;&#8221; Arany J\u00e1nos-verssor volt, \u00fagy \u00e9reztem, hogy mellbe v\u00e1g valami, hogy Arany ezt egyenesen nekem, hozz\u00e1m \u00edrta, hogy ebben a verssorban az \u00e9n p\u00e1sztor \u0151seim is benne vannak, akik \u00e9jszak\u00e1nk\u00e9nt fent t\u00fczelgetnek a Hargit\u00e1n. A mem\u00f3ri\u00e1m sohasem volt valami kit\u0171n\u0151, de most is eml\u00e9kszem a kis, sz\u00e1lk\u00e1s, intellektu\u00e1lis feh\u00e9r bet\u0171k form\u00e1j\u00e1ra a sz\u00fcrke \u00fcvegt\u00e1bl\u00e1n. Azt gondolom, hogy az ilyen apr\u00f3 dolgok az \u00e9letben nem v\u00e9letlenek \u00e9s nem jelent\u00e9ktelenek, az\u00e9rt is eml\u00e9kszem azokra a bet\u0171kre \u00e9s arra az \u00e9rz\u00e9sre ma is olyan tiszt\u00e1n.<\/p>\n<\/div><figure class=\"wp-block-media-text__media\"><img loading=\"lazy\" decoding=\"async\" width=\"778\" height=\"1024\" src=\"https:\/\/bolyai.ro\/olimpiasz\/magyar\/wp-content\/uploads\/2025\/04\/2b291c9f-17e8-49c3-b943-949c18a97f92-778x1024.jpg\" alt=\"\" class=\"wp-image-386 size-full\" srcset=\"https:\/\/bolyai.ro\/olimpiasz\/magyar\/wp-content\/uploads\/2025\/04\/2b291c9f-17e8-49c3-b943-949c18a97f92-778x1024.jpg 778w, https:\/\/bolyai.ro\/olimpiasz\/magyar\/wp-content\/uploads\/2025\/04\/2b291c9f-17e8-49c3-b943-949c18a97f92-228x300.jpg 228w, https:\/\/bolyai.ro\/olimpiasz\/magyar\/wp-content\/uploads\/2025\/04\/2b291c9f-17e8-49c3-b943-949c18a97f92-768x1010.jpg 768w, https:\/\/bolyai.ro\/olimpiasz\/magyar\/wp-content\/uploads\/2025\/04\/2b291c9f-17e8-49c3-b943-949c18a97f92.jpg 957w\" sizes=\"auto, (max-width: 778px) 100vw, 778px\" \/><\/figure><\/div>\n\n\n<style>.kadence-column120_f3869b-da > .kt-inside-inner-col,.kadence-column120_f3869b-da > .kt-inside-inner-col:before{border-top-left-radius:0px;border-top-right-radius:0px;border-bottom-right-radius:0px;border-bottom-left-radius:0px;}.kadence-column120_f3869b-da > .kt-inside-inner-col{column-gap:var(--global-kb-gap-sm, 1rem);}.kadence-column120_f3869b-da > .kt-inside-inner-col{flex-direction:column;}.kadence-column120_f3869b-da > .kt-inside-inner-col > .aligncenter{width:100%;}.kadence-column120_f3869b-da > .kt-inside-inner-col:before{opacity:0.3;}.kadence-column120_f3869b-da{position:relative;}.kadence-column120_f3869b-da, .kt-inside-inner-col > .kadence-column120_f3869b-da:not(.specificity){margin-right:0px;margin-left:var(--global-kb-spacing-xxl, 5rem);}@media all and (max-width: 1024px){.kadence-column120_f3869b-da > .kt-inside-inner-col{flex-direction:column;}}@media all and (max-width: 767px){.kadence-column120_f3869b-da > .kt-inside-inner-col{padding-left:0px;flex-direction:column;}.kadence-column120_f3869b-da, .kt-inside-inner-col > .kadence-column120_f3869b-da:not(.specificity){margin-right:var(--global-kb-spacing-md, 2rem);margin-left:var(--global-kb-spacing-md, 2rem);}}<\/style>\n<div class=\"wp-block-kadence-column kadence-column120_f3869b-da\"><div class=\"kt-inside-inner-col\">\n<p style=\"margin-top:3px;margin-right:0;margin-bottom:3px;margin-left:0\">Az az Arany-verssor val\u00f3di sorsesem\u00e9nny\u00e9 lett sz\u00e1momra, azt hiszem, innen kezd\u0151dik az \u00e9n b\u00f6lcs\u00e9szeti p\u00e1ly\u00e1m. Az iskol\u00e1ban m\u00e1s oszt\u00e1lyokban \u00e9s az alattam \u00e9s f\u00f6l\u00f6ttem j\u00e1r\u00f3k k\u00f6z\u00f6tt is voltak m\u00e9g hozz\u00e1m hasonl\u00f3 &#8220;furcsa&#8221; di\u00e1kok, de v\u00e9g\u00fcl is az irodalmi olimpi\u00e1k tudatos\u00edtott\u00e1k bennem, hogy Erd\u00e9lyorsz\u00e1g-szerte, sz\u00e1momra akkor m\u00e9g ismeretlen v\u00e1rosokban m\u00e1shol is \u00e9lnek m\u00e9g olyan fiatalok, akik valahogy olyanform\u00e1n gondolkodnak a vil\u00e1gr\u00f3l, mint \u00e9n, olyanform\u00e1n \u00e9reznek, mint \u00e9n, \u00e9s hogy ez a fajta gondolkod\u00e1s bizonyos k\u00f6r\u00f6kben legitim is lehet. V\u00e9g\u00fcl is az irodalmi olimpi\u00e1knak nagy, s\u0151t tal\u00e1n d\u00f6nt\u0151 szerepe volt abban, hogy \u00e9retts\u00e9gi ut\u00e1n a kolozsv\u00e1ri b\u00f6lcs\u00e9szkar magyar-orosz szak\u00e1ra jelentkeztem, ahol azt\u00e1n az egyetemi t\u00e1rsas\u00e1g eg\u00e9sze magamhoz hasonl\u00f3 emberekb\u0151l tev\u0151d\u00f6tt \u00f6ssze, akikkel j\u00f3\u00edz\u0171en lehetett ak\u00e1r hajnalokig besz\u00e9lgetni. Az olimpi\u00e1kon szerzett bar\u00e1ts\u00e1gok, kapcsolatok val\u00f3ban \u00e9letre sz\u00f3l\u00f3knak bizonyultak. Most megtehetn\u00e9m, hogy az erd\u00e9lyi magyar kult\u00fara k\u00e9s\u0151bb ismertt\u00e9 lett szem\u00e9lyis\u00e9geire (\u00edr\u00f3kra, k\u00f6lt\u0151kre, sz\u00edn\u00e9szekre, k\u00e9pz\u0151m\u0171v\u00e9szekre, de legf\u0151k\u00e9ppen tan\u00e1rokra) hivatkozzam, de neveket m\u00e9gsem eml\u00edtek, mert lehetetlen volna mindenkivel szemben igazs\u00e1gos \u00e9s m\u00e9lt\u00e1nyos lennem. T\u00e9ny az, hogy akik ott tal\u00e1lkoztunk, k\u00e9s\u0151bb is sz\u00e1mon tartottuk egym\u00e1st, \u00e9s valahogyan mind h\u0171s\u00e9gesek maradtunk valamihez, amit voltak\u00e9ppen nem is tudok megnevezni, de ami k\u00f6zel negyven \u00e9v ut\u00e1n is ugyanaz, mint ami minket akkor ott \u00f6sszehozott \u00e9s egy \u00e9letre sz\u00f3l\u00f3an \u00f6ssze is k\u00f6t\u00f6tt benn\u00fcnket.<\/p>\n<\/div><\/div>\n\n\n\n<p class=\"has-text-align-right\" style=\"margin-top:3px;margin-bottom:3px\">T\u00e1nczos Vilmos<\/p>\n<\/div><\/div>\n\n\n<style>.kadence-column120_0d9a5c-63 > .kt-inside-inner-col{padding-left:var(--global-kb-spacing-xxl, 5rem);}.kadence-column120_0d9a5c-63 > .kt-inside-inner-col,.kadence-column120_0d9a5c-63 > .kt-inside-inner-col:before{border-top-left-radius:0px;border-top-right-radius:0px;border-bottom-right-radius:0px;border-bottom-left-radius:0px;}.kadence-column120_0d9a5c-63 > .kt-inside-inner-col{column-gap:var(--global-kb-gap-sm, 1rem);}.kadence-column120_0d9a5c-63 > .kt-inside-inner-col{flex-direction:column;}.kadence-column120_0d9a5c-63 > .kt-inside-inner-col > .aligncenter{width:100%;}.kadence-column120_0d9a5c-63 > .kt-inside-inner-col:before{opacity:0.3;}.kadence-column120_0d9a5c-63{position:relative;}@media all and (max-width: 1024px){.kadence-column120_0d9a5c-63 > .kt-inside-inner-col{flex-direction:column;}}@media all and (max-width: 767px){.kadence-column120_0d9a5c-63 > .kt-inside-inner-col{padding-left:0px;flex-direction:column;}.kadence-column120_0d9a5c-63, .kt-inside-inner-col > .kadence-column120_0d9a5c-63:not(.specificity){margin-right:var(--global-kb-spacing-md, 2rem);margin-left:var(--global-kb-spacing-md, 2rem);}}.kadence-column120_0d9a5c-63 {  text-indent: 36px;  text-align: justify;}.kadence-column120_0d9a5c-63 img {  border-radius: 12px;  box-shadow: rgba(0, 0, 0, 0.1) 0px 4px 12px;}<\/style>\n<div class=\"wp-block-kadence-column kadence-column120_0d9a5c-63\"><div class=\"kt-inside-inner-col\">\n<h2 class=\"wp-block-heading has-text-align-center\" style=\"margin-right:0;margin-left:0;padding-right:0;padding-left:0\">\u00c9rtelmes tal\u00e1lkoz\u00e1sok<\/h2>\n\n\n\n<div class=\"wp-block-media-text is-stacked-on-mobile\" style=\"padding-right:0;padding-left:0;grid-template-columns:20% auto\"><figure class=\"wp-block-media-text__media\"><img loading=\"lazy\" decoding=\"async\" width=\"683\" height=\"1024\" src=\"https:\/\/bolyai.ro\/olimpiasz\/magyar\/wp-content\/uploads\/2025\/04\/codau-683x1024.jpg\" alt=\"\" class=\"wp-image-437 size-full\" srcset=\"https:\/\/bolyai.ro\/olimpiasz\/magyar\/wp-content\/uploads\/2025\/04\/codau-683x1024.jpg 683w, https:\/\/bolyai.ro\/olimpiasz\/magyar\/wp-content\/uploads\/2025\/04\/codau-200x300.jpg 200w, https:\/\/bolyai.ro\/olimpiasz\/magyar\/wp-content\/uploads\/2025\/04\/codau-768x1151.jpg 768w, https:\/\/bolyai.ro\/olimpiasz\/magyar\/wp-content\/uploads\/2025\/04\/codau-1025x1536.jpg 1025w, https:\/\/bolyai.ro\/olimpiasz\/magyar\/wp-content\/uploads\/2025\/04\/codau.jpg 1104w\" sizes=\"auto, (max-width: 683px) 100vw, 683px\" \/><\/figure><div class=\"wp-block-media-text__content\">\n<p style=\"margin-top:3px;margin-bottom:3px\">Van egy piros, kem\u00e9nyt\u00e1bl\u00e1s kis jegyzetf\u00fczetem, abba szoktam fel\u00edrni az elv\u00e1llalt munk\u00e1k r\u00e9szleteit \u00e9s a hat\u00e1rid\u0151ket. Teszem-veszem, pip\u00e1lom ki benne, melyik kritik\u00e1t \u00edrtam meg, sz\u00e9gyenkezve gyorsan tov\u00e1bblapozok, ha megl\u00e1tom azt az \u00f6sszesen kett\u0151t-h\u00e1rmat, amit nem t\u00fal szigor\u00fa szerkeszt\u0151k eln\u00e9z\u00e9s\u00e9re apell\u00e1lva elsunnyogtam. (Ezt a visszaeml\u00e9kez\u00e9st is sz\u00e9pen ki fogom pip\u00e1lni: meg\u00edrtam!)<\/p>\n\n\n\n<p style=\"margin-top:3px;margin-bottom:3px\">Csak most, mik\u00f6zben azon t\u00f6prengek, mire is eml\u00e9kszem a 2011-es marosv\u00e1s\u00e1rhelyi orsz\u00e1gosr\u00f3l (alig valamire \u2013 ez volt az els\u0151 zsigeri reakci\u00f3m, miel\u0151tt a hom\u00e1ly kezdett feloszlani), tudatosul bennem igaz\u00e1n, mi van a kis piros jegyzetf\u00fczet fed\u0151lapj\u00e1ra nyomtatva: \u201eMikes Kelemen \/ Orsz\u00e1gos tant\u00e1rgyverseny \/ Alternat\u00edv versenyek \/ \u00e1pr. 19. \/ Marosv\u00e1s\u00e1rhely \/ 2011.\u201d Jutalom volt, most m\u00e1r fel is tudom id\u00e9zni, ahogyan Bordi Eszterrel \u00e9s Saszet Kat\u00e1val, \u00f6r\u00f6k\u00f6s olimpi\u00e1szra k\u00e9sz\u00fcl\u0151s t\u00e1rsaimmal \u00f6sszedugjuk a fej\u00fcnket az alternat\u00edv csapatvet\u00e9lked\u0151n, van is egy f\u00e9nyk\u00e9p r\u00f3la a Facebookon. <\/p>\n<\/div><\/div>\n\n\n<style>.kadence-column120_8446d8-e0 > .kt-inside-inner-col{padding-right:var(--global-kb-spacing-xl, 4rem);}.kadence-column120_8446d8-e0 > .kt-inside-inner-col,.kadence-column120_8446d8-e0 > .kt-inside-inner-col:before{border-top-left-radius:0px;border-top-right-radius:0px;border-bottom-right-radius:0px;border-bottom-left-radius:0px;}.kadence-column120_8446d8-e0 > .kt-inside-inner-col{column-gap:var(--global-kb-gap-sm, 1rem);}.kadence-column120_8446d8-e0 > .kt-inside-inner-col{flex-direction:column;}.kadence-column120_8446d8-e0 > .kt-inside-inner-col > .aligncenter{width:100%;}.kadence-column120_8446d8-e0 > .kt-inside-inner-col:before{opacity:0.3;}.kadence-column120_8446d8-e0{position:relative;}@media all and (max-width: 1024px){.kadence-column120_8446d8-e0 > .kt-inside-inner-col{flex-direction:column;}}@media all and (max-width: 767px){.kadence-column120_8446d8-e0 > .kt-inside-inner-col{padding-right:0px;flex-direction:column;}}<\/style>\n<div class=\"wp-block-kadence-column kadence-column120_8446d8-e0\"><div class=\"kt-inside-inner-col\">\n<p style=\"margin-top:3px;margin-bottom:3px\">Mi z\u00f6m\u00e9vel akkort\u00e1jt, tizenegy-tizenkettedikes korunkban kezdt\u00fck a k\u00f6z\u00f6ss\u00e9gi m\u00e9di\u00e1t belakni, de csak mint \u00e9rdekes kirakatot haszn\u00e1ltuk, amelybe beker\u00fcl az, amit \u00e9l\u0151ben nem tudtunk egym\u00e1snak megmutatni. Nem helyettes\u00edtett m\u00e9g akkoriban semmit. \u00c9s tal\u00e1n nemcsak a k\u00f6z\u00f6ss\u00e9gi m\u00e9di\u00e1t kezdt\u00fck el belakni, hanem a feln\u0151tt \u00e9let\u00fcnk kezdeteit. Legal\u00e1bbis \u00e9n szakmai \u00e9s lelki szinten sok mindent vissza tudok vezetni a tant\u00e1rgyversenyes \u00e9lm\u00e9nyekre is mint cs\u00edr\u00e1kra. Amib\u0151l a verseny jelleget gy\u0171l\u00f6ltem, szenvedtem t\u0151le eg\u00e9szen addig, am\u00edg a t\u00e9telt megl\u00e1ttam, majd magam el\u00e9 tettem a sz\u00e9p feh\u00e9r, kiss\u00e9 \u00e1ttetsz\u0151 piszkozatlapot, kezembe vettem a Rotringot, \u00e9s elkezdtem \u00e9lvezni a sok olvas\u00e1s \u00e9s k\u00e9sz\u00fcl\u00e9s sor\u00e1n az elm\u00e9mben szint\u00e9zisbe ker\u00fclt, de m\u00e9g mindig form\u00e1l\u00f3d\u00f3 gondolatok sokas\u00e1g\u00e1t. Innen m\u00e1r ink\u00e1bb egy kirak\u00f3sj\u00e1t\u00e9khoz hasonl\u00edt sz\u00e1momra az \u00edr\u00e1s, az \u00e9rvek \u00e9s a p\u00e9ld\u00e1k egym\u00e1sba illeszkedve kell helyet tal\u00e1ljanak egy gondolatl\u00e1ncolatban. Kiv\u00e9ve a kreat\u00edv t\u00e9tel eset\u00e9ben, az nekem mindig kicsit k\u00e9nyszeredetten ment.<\/p>\n\n\n\n<p style=\"margin-top:3px;margin-bottom:3px\">Ahogyan kiss\u00e9 k\u00e9nyszeredetten vissza kell most fognom magam az int\u0151-tan\u00e1csad\u00f3 visszatekint\u0151i poz\u00edci\u00f3t\u00f3l. \u00dagyhogy ink\u00e1bb csak komment\u00e1rok n\u00e9lk\u00fcl eml\u00edtem, hogy sz\u00e1momra \u2013 f\u0151leg k\u00f6z\u00e9piskol\u00e1s koromban \u2013 a tant\u00e1rgyversenyek orsz\u00e1gos szakaszain egy nagyon bens\u0151s\u00e9ges, laza, de tart\u00f3s sz\u00e1lakkal \u00f6sszef\u0171z\u0151d\u0151 kort\u00e1rsi k\u00f6z\u00f6ss\u00e9g alakult ki. Sokan lett\u00fcnk bar\u00e1tok k\u00e9s\u0151bb, vagy tal\u00e1lkoztunk \u00fajra egyetemen, emlegett\u00fck m\u00e9g j\u00f3 darabig a \u201ekal\u00e1csot-a-zsebbe\u201d kir\u00e1ndul\u00e1sokat. M\u00e9g akkor is, ha ezek nem mind 2011-ben t\u00f6rt\u00e9ntek Marosv\u00e1s\u00e1rhelyen, hanem Sz\u00e9kelyudvarhelyen is, \u00e9s Sepsiszentgy\u00f6rgy\u00f6n is, \u00e9s Nagyv\u00e1radon is \u00e9s \u00edgy tov\u00e1bb, a helyek egyenk\u00e9nt is mind hozz\u00e1nk tettek valamit, teret adtak a mi tal\u00e1lkoz\u00e1sainknak. B\u00e1r kicsit mindig kevesebb \u00e9lm\u00e9nyben r\u00e9szes\u00fcl az, akinek \u00e9pp az otthon\u00e1ul szolg\u00e1l\u00f3 v\u00e1ros\u00e1ban van az orsz\u00e1gos \u2013 kimarad a kantinos vagy bentlak\u00e1sos \u00f6sszer\u00e1z\u00f3 panaszkod\u00e1sokb\u00f3l vagy esti besz\u00e9lget\u00e9sekb\u0151l, illetve abb\u00f3l az inspir\u00e1l\u00f3 idegens\u00e9g\u00e9lm\u00e9nyb\u0151l is, amely r\u00e9v\u00e9n a m\u00e1ssal val\u00f3 tal\u00e1lkoz\u00e1st gyakorolhatja.<\/p>\n\n\n\n<p style=\"margin-top:3px;margin-bottom:3px\">Milyen j\u00f3, hogy a 2011-es Mikesnek is volt saj\u00e1t kiadv\u00e1nya \u2013 sok minden m\u00e1s mellett eml\u00e9keztet most egy m\u00e1sik \u00e9rint\u0151leges tal\u00e1lkoz\u00e1sra. Kiss Anna tud\u00f3s\u00edt\u00e1sa meg\u00f6r\u00f6k\u00edti a L\u00e1t\u00f3 sz\u00e9pirodalmi foly\u00f3irat szerkeszt\u0151inek (Dem\u00e9ny P\u00e9ter, Kov\u00e1cs Andr\u00e1s Ferenc, Szab\u00f3 R\u00f3bert Csaba, Vida G\u00e1bor) fell\u00e9p\u00e9s\u00e9t, amely egyik programpontja volt az egyhetes rendezv\u00e9nynek (vagyis h\u00e1t igazi rendezv\u00e9nysorozatnak, t\u00e1borszer\u0171 volt akkoriban az orsz\u00e1gos szakasz, r\u00e1ment szinte teljesen a h\u00fasv\u00e9ti vak\u00e1ci\u00f3, most m\u00e1r nem b\u00e1nom, kellett az, hogy ne csak \u201everseny\u201d legyen, hanem minden egy\u00e9b: irodalom, egy\u00fcttl\u00e9t, rengeteg kacag\u00e1s \u00e9s <em>inside joke<\/em>). Akiket a n\u00e9z\u0151t\u00e9ren elvegy\u00fclve hallgattam, kevesebb, mint t\u00edz \u00e9vvel k\u00e9s\u0151bb, 2020-ban a koll\u00e9g\u00e1im lettek, \u00e9s m\u00e9g csak ok-okozati \u00f6sszef\u00fcgg\u00e9s sincs a k\u00e9t dolog k\u00f6z\u00f6tt (nem az\u00e9rt vettek fel a L\u00e1t\u00f3hoz, mert ott voltam a k\u00f6z\u00f6ns\u00e9g soraiban). De ha most nem a L\u00e1t\u00f3n\u00e1l dolgozn\u00e9k, hanem mondjuk informatikusk\u00e9nt vagy paradicsomtermeszt\u0151k\u00e9nt, akkor is \u00f6ssze tudn\u00e1m k\u00f6tni valahogyan \u00e9letem e k\u00e9t pontj\u00e1t, a 2011-es marosv\u00e1s\u00e1rhelyi tant\u00e1rgyversenyt \u00e9s a 2025 \u00e1prilis\u00e1t (de most nem fogom megtenni, mert \u2013 mint eml\u00edtettem \u2013 a kreat\u00edv t\u00e9telek kicsit nehezebben mennek nekem), mert t\u00f6bbek k\u00f6z\u00f6tt ez is az irodalom: \u00e9rtelmet adunk \u00e1ltala \u00e9let\u00fcnk alakul\u00e1s\u00e1nak.<\/p>\n\n\n\n<p class=\"has-text-align-right\" style=\"margin-top:3px;margin-bottom:3px\"><em>Cod\u0103u Annam\u00e1ria<\/em><\/p>\n<\/div><\/div>\n<\/div><\/div>\n","protected":false},"excerpt":{"rendered":"<p>\u201dA magyar nyelv: l\u00e9tem, j\u00f6v\u0151m \u00e9s rem\u00e9nyem.\u201d Juh\u00e1sz\u00a0Ferenc Visszaeml\u00e9kez\u00e9sek &#8220;Mint ha p\u00e1sztort\u0171z \u00e9g \u0151szi \u00e9jszak\u00e1kon&#8230;&#8221; Az irodalmi olimpi\u00e1kr\u00f3l kev\u00e9s eml\u00e9kem van, hiszen igen r\u00e9gen volt mindez, \u00e9s mi igen fiatalok voltunk akkoriban. De azt tudom, hogy ezek a versenyek nagyon fontosak voltak az \u00e9letemben, s\u0151t ak\u00e1r azt is kimondhatom, hogy d\u00f6nt\u0151en befoly\u00e1solt\u00e1k a sorsom alakul\u00e1s\u00e1t&#8230;.<\/p>\n","protected":false},"author":2,"featured_media":0,"parent":0,"menu_order":0,"comment_status":"closed","ping_status":"closed","template":"","meta":{"_kad_blocks_custom_css":"","_kad_blocks_head_custom_js":"","_kad_blocks_body_custom_js":"","_kad_blocks_footer_custom_js":"","_kadence_starter_templates_imported_post":false,"_kad_post_transparent":"","_kad_post_title":"","_kad_post_layout":"","_kad_post_sidebar_id":"","_kad_post_content_style":"","_kad_post_vertical_padding":"","_kad_post_feature":"","_kad_post_feature_position":"","_kad_post_header":false,"_kad_post_footer":false,"footnotes":""},"class_list":["post-120","page","type-page","status-publish","hentry"],"taxonomy_info":[],"featured_image_src_large":false,"author_info":{"display_name":"T\u00fcnde","author_link":"https:\/\/bolyai.ro\/olimpiasz\/magyar\/author\/tunde\/"},"comment_info":0,"_links":{"self":[{"href":"https:\/\/bolyai.ro\/olimpiasz\/magyar\/wp-json\/wp\/v2\/pages\/120","targetHints":{"allow":["GET"]}}],"collection":[{"href":"https:\/\/bolyai.ro\/olimpiasz\/magyar\/wp-json\/wp\/v2\/pages"}],"about":[{"href":"https:\/\/bolyai.ro\/olimpiasz\/magyar\/wp-json\/wp\/v2\/types\/page"}],"author":[{"embeddable":true,"href":"https:\/\/bolyai.ro\/olimpiasz\/magyar\/wp-json\/wp\/v2\/users\/2"}],"replies":[{"embeddable":true,"href":"https:\/\/bolyai.ro\/olimpiasz\/magyar\/wp-json\/wp\/v2\/comments?post=120"}],"version-history":[{"count":36,"href":"https:\/\/bolyai.ro\/olimpiasz\/magyar\/wp-json\/wp\/v2\/pages\/120\/revisions"}],"predecessor-version":[{"id":493,"href":"https:\/\/bolyai.ro\/olimpiasz\/magyar\/wp-json\/wp\/v2\/pages\/120\/revisions\/493"}],"wp:attachment":[{"href":"https:\/\/bolyai.ro\/olimpiasz\/magyar\/wp-json\/wp\/v2\/media?parent=120"}],"curies":[{"name":"wp","href":"https:\/\/api.w.org\/{rel}","templated":true}]}}